{"id":6958,"date":"2019-12-12T01:17:47","date_gmt":"2019-12-12T01:17:47","guid":{"rendered":"https:\/\/orchestrenouvellegeneration.com\/?page_id=6958"},"modified":"2021-03-12T14:55:50","modified_gmt":"2021-03-12T14:55:50","slug":"un-mot-de-natasha-2019-2020","status":"publish","type":"page","link":"https:\/\/orchestrenouvellegeneration.com\/fr\/un-mot-de-natasha-2019-2020\/","title":{"rendered":"Un mot de Natasha"},"content":{"rendered":"<div class=\"wpb-content-wrapper\"><p>[vc_row][vc_column width=\u00a0\u00bb1\/4&Prime;][vc_single_image image=\u00a0\u00bb7387&Prime; img_size=\u00a0\u00bbfull\u00a0\u00bb add_caption=\u00a0\u00bbyes\u00a0\u00bb alignment=\u00a0\u00bbcenter\u00a0\u00bb onclick=\u00a0\u00bblink_image\u00a0\u00bb][\/vc_column][vc_column width=\u00a0\u00bb3\/4&Prime;][vc_column_text]Si Bach n\u2019avait pas \u00e9crit son concerto brandebourgeois n\u00b03, Honegger aurait-il compos\u00e9 son pr\u00e9lude ?<\/p>\n<p>Si Chostakovitch \u00e9tait n\u00e9 cent ans plus tard, sa musique aurait-elle \u00e9tait aussi dramatique ?<\/p>\n<p>Et si Mozart avait v\u00e9cu plus longtemps, Satie aurait-il \u00e9crit pour orchestre \u00e0 cordes ?<br \/>\nIl est toujours fascinant de s\u2019interroger sur les processus cr\u00e9atifs, sur ce qui connecte une grande \u0153uvre \u00e0 une autre, un compositeur \u00e0 un autre, et de se demander o\u00f9 les artistes puisent l\u2019inspiration pour leurs chef-d\u2019\u0153uvre. Peut-\u00eatre que toutes les grandes \u0153uvres sont pr\u00e9destin\u00e9es \u00e0 \u00eatre cr\u00e9\u00e9es \u00e0 un moment pr\u00e9cis et qu\u2019en attendant elles patientent tranquillement sur les \u00e9tag\u00e8res de la biblioth\u00e8que de la cr\u00e9ativit\u00e9.<\/p>\n<p>Tout en cherchant les r\u00e9ponses \u00e0 ces question, nous avons le plaisir de vous pr\u00e9senter notre s\u00e9lection d\u2019\u0153uvres inspir\u00e9es de Bach \u00e0 nos jours.<\/p>\n<p>Bienvenue \u00e0 notre neuvi\u00e8me saison\u00a0!<\/p>\n<p align=\"center\"><img decoding=\"async\" src=\"https:\/\/orchestrenouvellegeneration.com\/wp-content\/uploads\/2013\/06\/signature_NT_FR.gif\" alt=\"\" \/><\/p>\n<p>[\/vc_column_text][\/vc_column][\/vc_row][vc_row][vc_column][vc_column_text]<strong>Lire les mots pr\u00e9c\u00e9dents<\/strong><\/p>\n<p><em><a href=\"\/fr\/un-mot-de-natasha-2018-2019\/\">Mot 2018-2019<\/a><\/em><br \/>\n<em><a href=\"\/fr\/un-mot-de-natasha-2017-2018\/\">Mot 2017-2018<\/a><\/em><br \/>\n<em><a href=\"\/fr\/un-mot-de-natasha-2016-2017\/\">Mot 2016-2017<\/a><\/em><br \/>\n<em><a href=\"\/fr\/un-mot-de-natasha-2015-2016\/\">Mot 2015-2016<\/a><br \/>\n<\/em><em><a href=\"\/fr\/un-mot-de-natasha-2014-2015\/\">Mot 2014-2015<\/a><\/em>[\/vc_column_text][\/vc_column][\/vc_row]<\/p>\n<\/div>","protected":false},"excerpt":{"rendered":"<p>[vc_row][vc_column width=\u00a0\u00bb1\/4&Prime;][vc_single_image image=\u00a0\u00bb7387&Prime; img_size=\u00a0\u00bbfull\u00a0\u00bb add_caption=\u00a0\u00bbyes\u00a0\u00bb alignment=\u00a0\u00bbcenter\u00a0\u00bb onclick=\u00a0\u00bblink_image\u00a0\u00bb][\/vc_column][vc_column width=\u00a0\u00bb3\/4&Prime;][vc_column_text]Si Bach n\u2019avait pas \u00e9crit son concerto brandebourgeois n\u00b03, Honegger aurait-il compos\u00e9 son pr\u00e9lude ? Si Chostakovitch \u00e9tait n\u00e9<span class=\"excerpt-hellip\"> [\u2026]<\/span><\/p>\n","protected":false},"author":9,"featured_media":0,"parent":0,"menu_order":0,"comment_status":"closed","ping_status":"closed","template":"","meta":{"footnotes":""},"class_list":["post-6958","page","type-page","status-publish","hentry"],"_links":{"self":[{"href":"https:\/\/orchestrenouvellegeneration.com\/fr\/wp-json\/wp\/v2\/pages\/6958","targetHints":{"allow":["GET"]}}],"collection":[{"href":"https:\/\/orchestrenouvellegeneration.com\/fr\/wp-json\/wp\/v2\/pages"}],"about":[{"href":"https:\/\/orchestrenouvellegeneration.com\/fr\/wp-json\/wp\/v2\/types\/page"}],"author":[{"embeddable":true,"href":"https:\/\/orchestrenouvellegeneration.com\/fr\/wp-json\/wp\/v2\/users\/9"}],"replies":[{"embeddable":true,"href":"https:\/\/orchestrenouvellegeneration.com\/fr\/wp-json\/wp\/v2\/comments?post=6958"}],"version-history":[{"count":23,"href":"https:\/\/orchestrenouvellegeneration.com\/fr\/wp-json\/wp\/v2\/pages\/6958\/revisions"}],"predecessor-version":[{"id":7806,"href":"https:\/\/orchestrenouvellegeneration.com\/fr\/wp-json\/wp\/v2\/pages\/6958\/revisions\/7806"}],"wp:attachment":[{"href":"https:\/\/orchestrenouvellegeneration.com\/fr\/wp-json\/wp\/v2\/media?parent=6958"}],"curies":[{"name":"wp","href":"https:\/\/api.w.org\/{rel}","templated":true}]}}