{"id":4420,"date":"2014-06-10T13:45:48","date_gmt":"2014-06-10T13:45:48","guid":{"rendered":"https:\/\/orchestrenouvellegeneration.com\/?page_id=4420"},"modified":"2021-03-06T02:47:40","modified_gmt":"2021-03-06T02:47:40","slug":"7-mars-2015","status":"publish","type":"page","link":"https:\/\/orchestrenouvellegeneration.com\/fr\/2014-2015-season\/7-mars-2015\/","title":{"rendered":"LE PRODIGE ET LE MAITRE"},"content":{"rendered":"<div class=\"wpb-content-wrapper\"><p>[vc_row][vc_column width=\u00a0\u00bb3\/4&Prime;][vc_column_text]Qu\u2019ont en commun les chiffres\u00a0<strong>12<\/strong>,\u00a0<strong>16<\/strong>\u00a0et\u00a0<strong>40<\/strong>\u00a0?<\/p>\n<p>La r\u00e9ponse est : chiffre\u00a0<strong>7<\/strong>\u00a0! Car le\u00a0<strong>7<\/strong>\u00a0mars, l\u2019Orchestre Nouvelle G\u00e9n\u00e9ration pr\u00e9sentera le concert intitul\u00e9\u00a0<em>Le prodige et le ma\u00eetre<\/em>\u00a0en vous offrant le superbe\u00a0<em>Divertimento<\/em>\u00a0de Mozart, compos\u00e9 quand il n\u2019avait que\u00a0<strong>16<\/strong>\u00a0ans. S\u2019en suivra le\u00a0<em>Concerto pour Violon<\/em>\u00a0de Mendelssohn, compos\u00e9 quand ce dernier n\u2019avait que\u00a0<strong>12<\/strong>\u00a0ans et interpr\u00e9t\u00e9 par le violoniste de renomm\u00e9e mondiale Dmitry Berlinsky. Nous conclurons avec la fameuse\u00a0<em>S\u00e9r\u00e9nade<\/em>\u00a0de Tchaikovsky, \u00e2g\u00e9 de\u00a0<strong>40<\/strong>\u00a0ans lors de sa composition.<\/p>\n<p>Une soir\u00e9e r\u00e9unissant le g\u00e9nie, la ma\u00eetrise et le souffle de la jeunesse \u00e0 ne pas manquer!<\/p>\n<p><strong>Dmitri Berlinsky<\/strong>, violon (<a href=\"http:\/\/www.dmitriberlinsky.com\/bio.html\" target=\"_blank\" rel=\"noopener\"><em>www.dmitriberlinsky.com<\/em><\/a>)<br \/>\n<strong>Alain Aubut<\/strong>, chef d\u2019orchestre<\/p>\n<p>Programme<br \/>\n<strong>Wolfgang Amadeus Mozart<\/strong><br \/>\nDivertimento en r\u00e9 majeur, KV 136<\/p>\n<p><strong>Felix Mendelssohn<\/strong><br \/>\nConcerto pour violon et orchestre \u00e0 cordes en r\u00e9 mineur<\/p>\n<p><strong>Piotr Ilitch Tcha\u00efkovski<\/strong><br \/>\nS\u00e9r\u00e9nade pour cordes en ut majeur, op. 48<\/p>\n<span class=\"highlight highlight-\" >Une classe de maitre avec le violoniste Dmitri Berlinsky se tiendra \u00e0 <strong>14 h, le 6 mars 2015<\/strong> \u00e0 la salle Claude-Champagne.<\/span>\n\n<p><!--[button link=\"http:\/\/www.admission.com\/event\/the-prodigy-the-master-orchestre-nouvelle-generation-tickets\/779947\" size=\"small\" bgcolor=\"red\" textcolor=\"white\"]Achat de billets[\/button]-->[\/vc_column_text][\/vc_column][vc_column width=\u00a0\u00bb1\/4&Prime;][vc_single_image image=\u00a0\u00bb7465&Prime; img_size=\u00a0\u00bbfull\u00a0\u00bb add_caption=\u00a0\u00bbyes\u00a0\u00bb onclick=\u00a0\u00bblink_image\u00a0\u00bb][vc_single_image image=\u00a0\u00bb7595&Prime; img_size=\u00a0\u00bbfull\u00a0\u00bb add_caption=\u00a0\u00bbyes\u00a0\u00bb onclick=\u00a0\u00bblink_image\u00a0\u00bb][\/vc_column][\/vc_row]<\/p>\n<\/div>","protected":false},"excerpt":{"rendered":"<p>[vc_row][vc_column width=\u00a0\u00bb3\/4&Prime;][vc_column_text]Qu\u2019ont en commun les chiffres\u00a012,\u00a016\u00a0et\u00a040\u00a0? La r\u00e9ponse est : chiffre\u00a07\u00a0! Car le\u00a07\u00a0mars, l\u2019Orchestre Nouvelle G\u00e9n\u00e9ration pr\u00e9sentera le concert intitul\u00e9\u00a0Le prodige et le ma\u00eetre\u00a0en vous offrant<span class=\"excerpt-hellip\"> [\u2026]<\/span><\/p>\n","protected":false},"author":9,"featured_media":0,"parent":4365,"menu_order":4,"comment_status":"closed","ping_status":"open","template":"","meta":{"footnotes":""},"class_list":["post-4420","page","type-page","status-publish","hentry"],"_links":{"self":[{"href":"https:\/\/orchestrenouvellegeneration.com\/fr\/wp-json\/wp\/v2\/pages\/4420","targetHints":{"allow":["GET"]}}],"collection":[{"href":"https:\/\/orchestrenouvellegeneration.com\/fr\/wp-json\/wp\/v2\/pages"}],"about":[{"href":"https:\/\/orchestrenouvellegeneration.com\/fr\/wp-json\/wp\/v2\/types\/page"}],"author":[{"embeddable":true,"href":"https:\/\/orchestrenouvellegeneration.com\/fr\/wp-json\/wp\/v2\/users\/9"}],"replies":[{"embeddable":true,"href":"https:\/\/orchestrenouvellegeneration.com\/fr\/wp-json\/wp\/v2\/comments?post=4420"}],"version-history":[{"count":15,"href":"https:\/\/orchestrenouvellegeneration.com\/fr\/wp-json\/wp\/v2\/pages\/4420\/revisions"}],"predecessor-version":[{"id":8074,"href":"https:\/\/orchestrenouvellegeneration.com\/fr\/wp-json\/wp\/v2\/pages\/4420\/revisions\/8074"}],"up":[{"embeddable":true,"href":"https:\/\/orchestrenouvellegeneration.com\/fr\/wp-json\/wp\/v2\/pages\/4365"}],"wp:attachment":[{"href":"https:\/\/orchestrenouvellegeneration.com\/fr\/wp-json\/wp\/v2\/media?parent=4420"}],"curies":[{"name":"wp","href":"https:\/\/api.w.org\/{rel}","templated":true}]}}